    
    
{"id":51,"date":"2019-01-17T16:28:23","date_gmt":"2019-01-17T13:28:23","guid":{"rendered":"http:\/\/otel.localdigital\/?page_id=51"},"modified":"2025-11-25T14:06:18","modified_gmt":"2025-11-25T11:06:18","slug":"hakkimizda","status":"publish","type":"page","link":"https:\/\/www.karatepeotel.com.tr\/en\/hakkimizda\/","title":{"rendered":"Hakk\u0131m\u0131zda"},"content":{"rendered":"<p><\/p>\n<div class=\"col-xs-12 col-sm-12 col-lg-12 plr0m\">\n<div class=\"box\">\n<div class=\"icon\">\n<div class=\"image\"><i class=\"fa fa-building\"><\/i><\/div>\n<div class=\"info\">\n<h3 class=\"title\">Biz Kimiz ?<\/h3>\n<p>\nOtelimiz Osmaniye\u2019nin Kadirli \u0130l\u00e7esinde 2012 y\u0131l\u0131ndan bu yana misafirlerine ev konforunda hizmet vermektedir. S\u0131cak atmosferi ve servis kalitesi ile il\u00e7e hayat\u0131n\u0131n tam merkezinde olup \u00e7ar\u015f\u0131 ve mekanlara y\u00fcr\u00fcme mesafesindeki konumuyla misafirlerine b\u00fcy\u00fck bir rahatl\u0131k sa\u011flamaktad\u0131r. G\u00fcler y\u00fczl\u00fc ve deneyimli personeli ile kaliteli hizmet anlay\u0131\u015f\u0131n\u0131 esas alan otelimiz damak zevkinize hitap etmek i\u00e7in de gayret sarf etmektedir. Otelcilik sekt\u00f6r\u00fcnden gelen \u00e7al\u0131\u015fanlar\u0131 ile kusursuz bir hizmet sunmay\u0131 ama\u00e7 ediniyoruz. \u0130\u015f ama\u00e7l\u0131 seyahat edenlere ihtiya\u00e7 duyduklar\u0131 l\u00fcks, ayr\u0131cal\u0131k ve ev konforunu sa\u011flamak \u00fczere dizayn yap\u0131yoruz. \u0130stihdam art\u0131r\u0131lmas\u0131 ve b\u00f6lgesel turizmi de bir sekt\u00f6r konumuna getirmek istiyoruz.\n\t\t<\/p>\n<\/p><\/div>\n<\/p><\/div>\n<\/p><\/div>\n<\/div>\n<div class=\"col-xs-12 col-sm-12 col-lg-12 plr0m\">\n<div class=\"box\">\n<div class=\"icon\">\n<div class=\"image\"><i class=\"fa fa-thumbs-o-up\"><\/i><\/div>\n<div class=\"info\">\n<h3 class=\"title\">V\u0130ZYONUMUZ<\/h3>\n<p>Kadirli\u2019de, \u00e7evre il ve il\u00e7elerde ilk akla gelen \u015fehir oteli olmak&#8230;<\/p>\n<\/p><\/div>\n<\/p><\/div>\n<\/p><\/div>\n<\/div>\n<div class=\"col-xs-12 col-sm-12 col-lg-12 plr0m\">\n<div class=\"box\">\n<div class=\"icon\">\n<div class=\"image\"><i class=\"fa fa-smile-o\"><\/i><\/div>\n<div class=\"info\">\n<h3 class=\"title\">M\u0130SYONUMUZ<\/h3>\n<p>\u015eehir otelcili\u011finde, misafir memnuniyeti esas olan, g\u00fcler y\u00fczl\u00fc yakla\u015f\u0131m\u0131yla, konaklama\u00a0yeme, i\u00e7me ve toplant\u0131 hizmetlerini aile s\u0131cakl\u0131\u011f\u0131 i\u00e7erisinde sunarak, yerli ve yabanc\u0131 misafirlerimizin g\u00fcvenini kazanmak<\/p>\n<\/p><\/div>\n<\/p><\/div>\n<\/p><\/div>\n<\/div>\n<div class=\"col-xs-12 col-sm-12 col-lg-12 plr0m\">\n<div class=\"box\">\n<div class=\"icon\">\n<div class=\"image\"><i class=\"fa fa-home\"><\/i><\/div>\n<div class=\"info\">\n<h3 class=\"title\">KAL\u0130TE POL\u0130T\u0130KAMIZ<\/h3>\n<p>Otelcilik sekt\u00f6r\u00fcnden gelen \u00e7al\u0131\u015fanlar\u0131 ile kusursuz bir hizmet sunmay\u0131 ama\u00e7 ediniyoruz. \u0130\u015f ama\u00e7l\u0131 seyahat edenlere ihtiya\u00e7 duyduklar\u0131 l\u00fcks, ayr\u0131cal\u0131k ve ev konforunu sa\u011flamak \u00fczere dizayn yap\u0131yoruz. \u0130stihdam art\u0131r\u0131lmas\u0131 ve b\u00f6lgesel turizmi de bir sekt\u00f6r konumuna getirmek istiyoruz. Rahatl\u0131\u011f\u0131n \u00f6n planda tutuldu\u011fu mekanlarda fonksiyonel detaylar ev s\u0131cakl\u0131\u011f\u0131 ve konforuyla harmanlanarak elit bir ya\u015fam sizlerle bulu\u015fuyor.<\/p>\n<\/p><\/div>\n<\/p><\/div>\n<div class=\"space\"><\/div>\n<\/p><\/div>\n<\/div>\n<p><\/p>","protected":false},"excerpt":{"rendered":"<p>Biz Kimiz ? Otelimiz Osmaniye\u2019nin Kadirli \u0130l\u00e7esinde 2012 y\u0131l\u0131ndan bu yana misafirlerine ev konforunda hizmet vermektedir. S\u0131cak atmosferi ve servis kalitesi ile il\u00e7e hayat\u0131n\u0131n tam merkezinde olup \u00e7ar\u015f\u0131 ve mekanlara y\u00fcr\u00fcme mesafesindeki konumuyla misafirlerine b\u00fcy\u00fck bir rahatl\u0131k sa\u011flamaktad\u0131r. G\u00fcler y\u00fczl\u00fc ve deneyimli personeli ile kaliteli hizmet anlay\u0131\u015f\u0131n\u0131 esas alan otelimiz damak zevkinize hitap etmek i\u00e7in [&hellip;]<\/p>\n","protected":false},"author":1,"featured_media":0,"parent":0,"menu_order":0,"comment_status":"closed","ping_status":"closed","template":"template-about.php","meta":[],"_links":{"self":[{"href":"https:\/\/www.karatepeotel.com.tr\/en\/wp-json\/wp\/v2\/pages\/51"}],"collection":[{"href":"https:\/\/www.karatepeotel.com.tr\/en\/wp-json\/wp\/v2\/pages"}],"about":[{"href":"https:\/\/www.karatepeotel.com.tr\/en\/wp-json\/wp\/v2\/types\/page"}],"author":[{"embeddable":true,"href":"https:\/\/www.karatepeotel.com.tr\/en\/wp-json\/wp\/v2\/users\/1"}],"replies":[{"embeddable":true,"href":"https:\/\/www.karatepeotel.com.tr\/en\/wp-json\/wp\/v2\/comments?post=51"}],"version-history":[{"count":29,"href":"https:\/\/www.karatepeotel.com.tr\/en\/wp-json\/wp\/v2\/pages\/51\/revisions"}],"predecessor-version":[{"id":909,"href":"https:\/\/www.karatepeotel.com.tr\/en\/wp-json\/wp\/v2\/pages\/51\/revisions\/909"}],"wp:attachment":[{"href":"https:\/\/www.karatepeotel.com.tr\/en\/wp-json\/wp\/v2\/media?parent=51"}],"curies":[{"name":"wp","href":"https:\/\/api.w.org\/{rel}","templated":true}]}}